{"id":37,"date":"2011-09-26T22:54:19","date_gmt":"2011-09-26T22:54:19","guid":{"rendered":"http:\/\/www.signosis.openworks.gr\/wastereuse\/?page_id=37"},"modified":"2012-03-01T14:09:52","modified_gmt":"2012-03-01T14:09:52","slug":"expected-results","status":"publish","type":"page","link":"https:\/\/fr.wastereuse.eu\/?page_id=37","title":{"rendered":"R\u00e9sultats escompt\u00e9s"},"content":{"rendered":"<p>Les actions du projet (d\u2019exp\u00e9rimentation et de d\u00e9monstration) devraient aboutir \u00e0 des r\u00e9sultats concrets et applicables \u00e9galement \u00e0 d\u2019autres r\u00e9gions, apr\u00e8s avoir effectu\u00e9 les modifications appropri\u00e9es, ainsi qu\u2019une \u00e9valuation pr\u00e9alable des r\u00e9sultats, une \u00e9tude technico-\u00e9conomique, une Analyse de Risques et une Analyse du Cycle de Vie.<\/p>\n<p>Des lignes directrices et des propositions concr\u00e8tes seront ainsi \u00e9labor\u00e9es afin :<\/p>\n<ul>\n<li>de favoriser le recyclage des d\u00e9chets agricoles dans l\u2019agriculture, permettant de pr\u00e9server la qualit\u00e9 de l\u2019environnement et d\u2019opter pour des solutions \u00e9conomiquement viables, tout en promouvant la protection de la qualit\u00e9 dans tous les domaines affect\u00e9s par le secteur agricole (social, \u00e9conomique, touristique, culturel).<\/li>\n<li>de pr\u00e9server et d\u2019am\u00e9liorer la f\u00e9condit\u00e9 des sols<\/li>\n<li>de diminuer au maximum le risque de pollution du sol, de l\u2019eau et de l\u2019air<\/li>\n<li>d\u2019assurer une production stable de produits agricoles sains et de haute qualit\u00e9<\/li>\n<li>de r\u00e9duire au minimum les impacts sur la sant\u00e9 humaine et animale g\u00e9n\u00e9r\u00e9s par les pratiques de gestion des d\u00e9chets<\/li>\n<li>de favoriser la pr\u00e9servation des ressources naturelles<\/li>\n<li>d\u2019assurer le maintien de la biodiversit\u00e9 de l\u2019\u00e9cosyst\u00e8me dans les r\u00e9gions agricoles<\/li>\n<\/ul>\n<p>Les r\u00e9sultats escompt\u00e9s\/livrables du projet, class\u00e9s par cat\u00e9gorie d\u2019action, se d\u00e9clinent comme suit :<\/p>\n<p><strong>ACTION<\/strong><strong> 1<\/strong><strong> &#8211; Gestion du projet<\/strong><strong> <\/strong><\/p>\n<ul>\n<li>Cinq rapports sur l\u2019\u00e9tat d\u2019avancement seront soumis \u00e0 l\u2019Union europ\u00e9enne\u00a0 (rapport initial, 2 rapports annuels d\u2019avancement, un rapport interm\u00e9diaire et un rapport final).<\/li>\n<li>Mise en place d\u2019outils efficaces de gestion du projet (calendriers, documents de communication entre participants, questionnaire sur la gestion efficace du projet).<\/li>\n<\/ul>\n<p><strong>ACTION 2 &#8211; Evaluation initiale des technologies existantes de traitement des \u00a0\u00a0d\u00e9chets agricoles <\/strong><\/p>\n<ul>\n<li>Transcription de toutes des technologies disponibles en mati\u00e8re de traitement des d\u00e9chets agricoles, class\u00e9es en fonction du niveau de d\u00e9veloppement (\u00e9chelle laboratoire, pilote, \u00e9chelle int\u00e9grale). La liste pourra \u00e9galement \u00eatre consult\u00e9e sur le site Internet du projet.<\/li>\n<li>Rapport d\u2019\u00e9valuation pr\u00e9liminaire technico-\u00e9conomique et environnementale de toutes les technologies disponibles en mati\u00e8re de traitement des d\u00e9chets agricoles.<\/li>\n<li>Rapport sur les indicateurs d\u2019\u00e9valuation quantitative des technologies de traitement des d\u00e9chets agricoles.<\/li>\n<\/ul>\n<p><strong>ACTION 3 \u2013 D\u00e9veloppement de pratiques culturales alternatives\u2013 Exp\u00e9rimentations en laboratoire (Espagne)<\/strong><\/p>\n<ul>\n<li>Pr\u00e9l\u00e8vement et analyse chimique de pr\u00e8s de 30 \u00e9chantillons de d\u00e9chets agricoles (trait\u00e9s et non trait\u00e9s) d\u2019origine diff\u00e9rente.<strong><\/strong><\/li>\n<li>\u00a0Pr\u00e9l\u00e8vement d\u2019\u00e9chantillons et analyse de dix types de sol (10) repr\u00e9sentatifs de l\u2019Espagne et cinq (5) de la Gr\u00e8ce.<strong><\/strong><\/li>\n<li>Evaluation de l\u2019impact des d\u00e9chets des \u00e9chantillons susmentionn\u00e9s sur les propri\u00e9t\u00e9s des sols, sur la r\u00e9sistance des plantes et sur la production.<strong><\/strong><\/li>\n<li>Rapport de caract\u00e9risation des d\u00e9chets trait\u00e9s, tels que g\u00e9n\u00e9r\u00e9s par les multiples technologies d\u00e9velopp\u00e9es.<strong><\/strong><br \/>\nRapport sur les m\u00e9thodes d\u00e9velopp\u00e9es en laboratoire, sur l\u2019impact escompt\u00e9 sur les sols et sur les Pratiques agricoles alternatives adopt\u00e9es pour les produits agricoles les plus commercialis\u00e9s, cultiv\u00e9s en Espagne et dans d\u2019autres pays m\u00e9diterran\u00e9ens.<strong><\/strong><\/li>\n<\/ul>\n<p><strong>ACTION 4 \u2013 D\u00e9veloppement de pratiques culturales alternatives \u2013 Exp\u00e9rimentations en laboratoire (<\/strong><strong>\u0399<\/strong><strong>Italie)<\/strong><strong><\/strong><\/p>\n<ul>\n<li>Pr\u00e9l\u00e8vement d\u2019\u00e9chantillons et analyse de dix types de sol (10) repr\u00e9sentatifs de l\u2019Italie et cinq (5) de la Gr\u00e8ce.<strong><\/strong><\/li>\n<li>Evaluation de l\u2019impact des d\u00e9chets des \u00e9chantillons susmentionn\u00e9s sur les propri\u00e9t\u00e9s des sols, sur la r\u00e9sistance des plantes et sur la production.<\/li>\n<li>Rapport de caract\u00e9risation des d\u00e9chets trait\u00e9s, tels que g\u00e9n\u00e9r\u00e9s par les multiples technologies d\u00e9velopp\u00e9es.<strong><\/strong><\/li>\n<li>Rapport sur les m\u00e9thodes d\u00e9velopp\u00e9es en laboratoire, sur l\u2019impact escompt\u00e9 sur les sols et sur les Pratiques agricoles alternatives adopt\u00e9es pour les produits agricoles les plus commercialis\u00e9s, cultiv\u00e9s en Italie et dans d\u2019autres pays m\u00e9diterran\u00e9ens.<strong><\/strong><\/li>\n<\/ul>\n<p><strong>ACTION <\/strong><strong>\u00a05<\/strong><strong> \u2013<\/strong><strong> <\/strong><strong>D\u00e9monstration pilote<\/strong><strong> \u2013 <\/strong><strong>Espagne<\/strong><strong> <\/strong><strong>\u00a0\u00a0\u00a0\u00a0\u00a0\u00a0\u00a0\u00a0 <\/strong><\/p>\n<ul>\n<li>D\u00e9signation de deux zones pilotes de d\u00e9monstration en Espagne\u00a0: une pour la culture en plein air (environ 2.500 m<sup>2<\/sup>) et\u00a0 l\u2019autre pour la culture sous serre (environ 200m<sup>2<\/sup>).<\/li>\n<li>Culture en plein air de c\u00e9r\u00e9ales sur\u00a0 2,5 ans<\/li>\n<li>Culture sous serre de l\u00e9gumes sur 2,5 ans \u2013 des d\u00e9chets agricoles seront \u00e9pandus avec deux dosages diff\u00e9rents<\/li>\n<li>Rapport fournissant une description d\u00e9taill\u00e9e des m\u00e9thodes de culture alternatives pour des produits agricoles pr\u00e9sentant un int\u00e9r\u00eat commercial pour l\u2019Espagne.<\/li>\n<\/ul>\n<p><strong>ACTION<\/strong><strong> 6: <\/strong><strong>D\u00e9monstration pilote<\/strong><strong> <\/strong><strong>\u2013 <\/strong><strong>Italie<\/strong><strong> <\/strong><\/p>\n<ul>\n<li>D\u00e9signation de deux zones pilotes de d\u00e9monstration en Italie\u00a0: une pour la culture de plein air (environ 2.500 m<sup>2<\/sup>) et l\u2019autre pour la culture sous serre (environ 200m<sup>2<\/sup>).<\/li>\n<li>Culture en plein air de l\u00e9gumes sur\u00a0 2,5 ans<\/li>\n<li>Culture sous serre de plantes aromatiques et d\u2019ornementation pendant 2,5 ans \u2013 des d\u00e9chets agricoles seront \u00e9pandus avec deux dosages diff\u00e9rents<\/li>\n<li>Rapport fournissant une description d\u00e9taill\u00e9e des m\u00e9thodes de culture de produits agricoles pr\u00e9sentant un int\u00e9r\u00eat commercial pour l\u2019Italie.<\/li>\n<\/ul>\n<p><strong>ACTION 7 &#8211;\u00a0 Analyse du Cycle de Vie et Analyse de Risques <\/strong><\/p>\n<ul>\n<li>Analyse du Cycle de Vie, y compris des limites du syst\u00e8me pour chaque cas s\u00e9lectionn\u00e9 dans le cadre des actions de d\u00e9monstration (rapport).<\/li>\n<li>Analyse de Risques, y compris des principaux param\u00e8tres de l\u2019Analyse du Cycle de Vie (\u00e9chauffement de la plan\u00e8te, potentiel de production d\u2019acidit\u00e9, eutrophisation, etc.) (rapport).<\/li>\n<li>M\u00e9thodologie appliqu\u00e9e pour le calcul de l\u2019empreinte carbone (via l\u2019\u00e9valuation des m\u00e9thodologies existantes) (rapport).<\/li>\n<\/ul>\n<p><strong>ACTION 8 \u2013 Utilisation de d\u00e9chets agricoles trait\u00e9s dans la production agricole <\/strong><strong>\u2013 termes et conditions<\/strong><\/p>\n<ul>\n<li>Code de Bonnes Pratiques de Gestion des D\u00e9chets \u00e0 des fins agricoles, incluant des outils de prise de d\u00e9cision et des pratiques agricoles alternatives pour les cultures principales m\u00e9diterran\u00e9ennes.<\/li>\n<li>Rapport d\u2019actions, de mesures et de moyens concrets, en conformit\u00e9 avec les exigences de la l\u00e9gislation europ\u00e9enne dont les organismes responsables de la conception et r\u00e9alisation de politiques des pays m\u00e9diterran\u00e9ens doivent tenir compte.<\/li>\n<li>Rapport pr\u00e9sentant des propositions l\u00e9gislatives concernant la politique de r\u00e9utilisation des d\u00e9chets agricoles.<\/li>\n<\/ul>\n<p><strong>ACTION 9 \u2013 Diss\u00e9mination des r\u00e9sultats\u00a0\u00a0\u00a0\u00a0\u00a0\u00a0\u00a0\u00a0\u00a0\u00a0 <\/strong><\/p>\n<ul>\n<li>Organisation d\u2019un colloque dans chacun des 4 pays participants, ainsi que d\u2019un colloque en Belgique.<\/li>\n<li>Publications scientifiques dans des revues scientifiques internationales, avec jury (compos\u00e9 de\u00a0 3 \u00e0 4 membres par pays participant) et participation \u00e0 des conf\u00e9rences internationales (3 \u00e0 4 participants par partenaire).<\/li>\n<li>Publication officielle des r\u00e9sultats du projet en six langues (anglais, grec, italien, espagnol, fran\u00e7ais et n\u00e9erlandais).<\/li>\n<li>Site Internet du projet, forum, blog, intranet.<\/li>\n<\/ul>\n<p><strong>ACTION\u00a0 10 \u2013 Cr\u00e9ation d\u2019un r\u00e9seau <\/strong><\/p>\n<ul>\n<li>Cr\u00e9ation d\u2019un r\u00e9seau actif, compos\u00e9 de membres de la communaut\u00e9 scientifique, de repr\u00e9sentants de l\u2019industrie, du commerce et des organismes responsables de la conception et de la r\u00e9alisation de politiques. On pr\u00e9voit que le nombre d\u2019acteurs impliqu\u00e9s dans ce r\u00e9seau d\u00e9passerait les 30 participants.<\/li>\n<\/ul>\n<p><strong>ACTION 12: Plan de communication et de diss\u00e9mination des r\u00e9sultats \u00e0 la fin du\u00a0 projet <\/strong><\/p>\n<ul>\n<li>Elaboration d\u2019un plan qui assurera la diss\u00e9mination future et la mise en \u0153uvre \u00e9ventuelle des r\u00e9alisations du projet apr\u00e8s son \u00e9ch\u00e9ance.<strong><\/strong><\/li>\n<\/ul>\n","protected":false},"excerpt":{"rendered":"<p>Les actions du projet (d\u2019exp\u00e9rimentation et de d\u00e9monstration) devraient aboutir \u00e0 des r\u00e9sultats concrets et applicables \u00e9galement \u00e0 d\u2019autres r\u00e9gions, apr\u00e8s avoir effectu\u00e9 les modifications appropri\u00e9es, ainsi qu\u2019une \u00e9valuation pr\u00e9alable des r\u00e9sultats, une \u00e9tude technico-\u00e9conomique, une Analyse de Risques et une Analyse du Cycle de Vie. Des lignes directrices et des propositions concr\u00e8tes seront ainsi [&hellip;]<\/p>\n","protected":false},"author":1,"featured_media":0,"parent":2,"menu_order":0,"comment_status":"open","ping_status":"open","template":"","meta":[],"_links":{"self":[{"href":"https:\/\/fr.wastereuse.eu\/index.php?rest_route=\/wp\/v2\/pages\/37"}],"collection":[{"href":"https:\/\/fr.wastereuse.eu\/index.php?rest_route=\/wp\/v2\/pages"}],"about":[{"href":"https:\/\/fr.wastereuse.eu\/index.php?rest_route=\/wp\/v2\/types\/page"}],"author":[{"embeddable":true,"href":"https:\/\/fr.wastereuse.eu\/index.php?rest_route=\/wp\/v2\/users\/1"}],"replies":[{"embeddable":true,"href":"https:\/\/fr.wastereuse.eu\/index.php?rest_route=%2Fwp%2Fv2%2Fcomments&post=37"}],"version-history":[{"count":5,"href":"https:\/\/fr.wastereuse.eu\/index.php?rest_route=\/wp\/v2\/pages\/37\/revisions"}],"predecessor-version":[{"id":314,"href":"https:\/\/fr.wastereuse.eu\/index.php?rest_route=\/wp\/v2\/pages\/37\/revisions\/314"}],"up":[{"embeddable":true,"href":"https:\/\/fr.wastereuse.eu\/index.php?rest_route=\/wp\/v2\/pages\/2"}],"wp:attachment":[{"href":"https:\/\/fr.wastereuse.eu\/index.php?rest_route=%2Fwp%2Fv2%2Fmedia&parent=37"}],"curies":[{"name":"wp","href":"https:\/\/api.w.org\/{rel}","templated":true}]}}